{"version":"1.0","provider_name":"Eszterkr\u00e9m","provider_url":"https:\/\/eszterkrem.cafeblog.hu","author_name":"Eszter Bardos","author_url":"https:\/\/eszterkrem.cafeblog.hu\/author\/bardoseszgmail-com\/","title":"P\u00fcnk\u00f6sd","html":"<p><span style=\"font-weight: 400\">A P\u00fcnk\u00f6sd sz\u00e1momra mindig a r\u00f3zs\u00e1t, no meg az eggyel t\u00f6bb pihen\u0151napot jelenti. Olyan klassz lesz kicsit lazulni a csajokkal, rem\u00e9lem, relat\u00edve j\u00f3l fog alakulni az eddig kiss\u00e9 \u00e1prilisias id\u0151j\u00e1r\u00e1s is a h\u00e9tv\u00e9g\u00e9n!<\/span><\/p>\r\n<p>&nbsp;<\/p>\r\n<p><span style=\"font-weight: 400\">Vas\u00e1rnap egy remek rendezv\u00e9nyre megy\u00fcnk, ami eg\u00e9sz napos, kutya -\u00e9s emberbar\u00e1t, \u00e9s lesz sok-sok finoms\u00e1g is, p\u00e9ld\u00e1ul veg\u00e1n \u00e9ttermek finoms\u00e1gai, veg\u00e1n s\u00fctem\u00e9nyek \u00e9s nyers \u00e9dess\u00e9gek, \u00e9s n\u00f6v\u00e9nyi tejek.<\/span><\/p>\r\n<p>&nbsp;<\/p>\r\n<p><span style=\"font-weight: 400\">A besz\u00e9lget\u00e9seken \u00e9s workshopokon meg lesz sz\u00f3 cirkuszr\u00f3l, veg\u00e1n test\u00e9p\u00edt\u00e9sr\u0151l, bev\u00e1s\u00e1rl\u00e1sr\u00f3l, ruh\u00e1kr\u00f3l is. \u00c9s persze engem is ott tal\u00e1lsz! <\/span><\/p>\r\n<p><a href=\"https:\/\/www.facebook.com\/events\/1518316741809035\/?ref=3&amp;ref_newsfeed_story_type=regular&amp;action_history=null&amp;source=3&amp;source_newsfeed_story_type=regular\"><span style=\"font-weight: 400\">https:\/\/www.facebook.com\/events\/1518316741809035\/<\/span><\/a><\/p>\r\n<p>&nbsp;<\/p>\r\n<p><span style=\"font-weight: 400\">A k\u00edn\u00e1latomban pedig a r\u00f3zsa jegy\u00e9ben biztosan ott t\u00fcnd\u00f6klik majd a kis szemem f\u00e9nye, a R\u00f3zsa Elix\u00edr arckr\u00e9m, ami a visszat\u00e9r\u0151 v\u00e1s\u00e1rl\u00f3im nagy kedvence is. Ez p\u00e9ld\u00e1ul k\u00fcl\u00f6n\u00f6sen j\u00f3l esett: <\/span><\/p>\r\n<p>&nbsp;<\/p>\r\n<p><span style=\"font-weight: 400\">\u201c\u00c9n szem\u00e9ly szerint a R\u00f3zsa elix\u00edrbe beleszerettem. Kihagytam egy reggel \u00e9s este \u00e9s m\u00e1r \u00e9rezte a b\u0151r\u00f6m, pedig m\u00e1sf\u00e9l hete haszn\u00e1lom. T\u00f6bb m\u00e1rk\u00e1t pr\u00f3b\u00e1ltam m\u00e1r, horror \u00e1ron is, de ennek a kr\u00e9mnek t\u00f6rzsv\u00e1s\u00e1rl\u00f3ja leszek.\u201d<\/span><\/p>\r\n<p>&nbsp;<\/p>\r\n<p><span style=\"font-weight: 400\">\u00c9n szem\u00e9ly szerint az\u00e9rt im\u00e1dom, mert ez egy r\u00e1nctalan\u00edt\u00f3, t\u00e1pl\u00e1l\u00f3, feszes\u00edt\u0151, hidrat\u00e1l\u00f3 kr\u00e9m egyben, r\u00f6viden egy szuperhat\u00e1sos boldogs\u00e1gfr\u00f6ccs. Luxus, b\u00f3d\u00edt\u00f3 illat\u00fa elix\u00edr az arcomra, \u00e9n nappali kr\u00e9mk\u00e9nt haszn\u00e1lom.<\/span><\/p>\r\n<p>&nbsp;<\/p>\r\n<p><span style=\"font-weight: 400\">Sok extra hidrat\u00e1l\u00f3 r\u00f3zsav\u00edzzel, r\u00e1nctalan\u00edt\u00f3 gr\u00e1n\u00e1talmamag olajjal, \u00e9s minden j\u00f3val, amiket az arckr\u00e9meimben m\u00e1r megszokhatt\u00e1l. (sheavajjal, arg\u00e1nolajjal, sz\u0151l\u0151mag olajjal, aloe ver\u00e1val...)<\/span><\/p>\r\n<p>&nbsp;<\/p>\r\n<p><span style=\"font-weight: 400\">Kellemes pihen\u00e9st, rem\u00e9lem tal\u00e1lkozunk!<\/span><\/p>\r\n<p>&nbsp;<\/p>\r\n<p><span style=\"font-weight: 400\">http:\/\/www.eszterkrem.hu\/rozsa-elixir-arckrem-294<\/span><\/p>","type":"rich"}