{"version":"1.0","provider_name":"Eszterkr\u00e9m","provider_url":"https:\/\/eszterkrem.cafeblog.hu","author_name":"Eszter Bardos","author_url":"https:\/\/eszterkrem.cafeblog.hu\/author\/bardoseszgmail-com\/","title":"Boldog \u00faj \u00e9vet!","html":"<p><a href=\"https:\/\/eszterkrem.cafeblog.hu\/files\/2017\/01\/toplista.jpg\"><img class=\"alignright size-full wp-image-199\" src=\"https:\/\/eszterkrem.cafeblog.hu\/files\/2017\/01\/toplista.jpg\" alt=\"toplista\" width=\"480\" height=\"349\" \/><\/a>Kedveseim, r\u00e9g l\u00e1ttalak benneteket :-)\u00a0<\/p>\r\n<p>Eln\u00e9z\u00e9st a hossz\u00fa hallgat\u00e1s\u00e9rt, \u00a0nincs ments\u00e9gem... cser\u00e9be m\u00e9g \u00edg\u00e9rgetni sem merek, hogy most azt\u00e1n \u00f3r\u00e1nk\u00e9nt \u00edrok valami hasznosat\u00a0nektek, de annyit mondhatok, hogy gondolok r\u00e1tok sokat, \u00e9s igyekszem az \u00faj \u00e9vben min\u00e9l t\u00f6bb hasznos tan\u00e1ccsal ell\u00e1tni a b\u0151r\u00fcket \u00e1polni v\u00e1gy\u00f3kat.<\/p>\r\n<p>Eg\u00e9szen p\u00f6rg\u0151sen indul nekem ez az \u00e9v, tele vagyok tervekkel, \u00f6tletekkel amiket szeretn\u00e9k megval\u00f3s\u00edtani az \u00faj \u00e9vben.\u00a0<\/p>\r\n<p>Az \u00e9v v\u00e9ge egy saj\u00e1t er\u0151b\u0151l fenntartott miniv\u00e1llalkoz\u00e1sn\u00e1l\u00a0mindig \u00f3ri\u00e1si kih\u00edv\u00e1s, de sz\u00e1momra, nektek k\u00f6sz\u00f6nhet\u0151en nagyon boldog id\u0151szak is egyben. Rengeteg visszajelz\u00e9st kapok ilyenkor (is), hogy mennyire szeretitek az Eszterkr\u00e9meket \u00e9s a kis\u00f6csit, Hetyk\u00e9t is. Tov\u00e1bbra is term\u00e9szetesen v\u00e1rom szeretettel a v\u00e9lem\u00e9nyeket, reakci\u00f3kat, hiszen ezek a term\u00e9kek nektek k\u00e9sz\u00fclnek, fontos a v\u00e9lem\u00e9nyed!<\/p>\r\n<p>A v\u00e1s\u00e1rl\u00e1saitok szerint a tavalyi TOP 5 k\u00e9sz\u00edtm\u00e9nyek: (dobperg\u00e9s)<\/p>\r\n<ol>\r\n<li><a href=\"https:\/\/www.eszterkrem.hu\/\u2026\/\u2026\/szemkornyek-feszesito-krem-293\">Szemk\u00f6rny\u00e9k feszes\u00edt\u0151<\/a><\/li>\r\n<li><a href=\"https:\/\/www.eszterkrem.hu\/kulonlegessegek-82\/taplalo-krem-ekcemas-borre-is-313\">T\u00e1pl\u00e1l\u00f3 kr\u00e9m (ekc\u00e9m\u00e1ra is)<\/a><\/li>\r\n<li><a href=\"https:\/\/www.eszterkrem.hu\/testapolas-80\/dezodoralas-99\/shea-dezodor-citromfuves-illattal-302\">Shea dezodor citromf\u00fcves illattal<\/a><\/li>\r\n<li><a href=\"https:\/\/www.eszterkrem.hu\/arcapolas-79\/arckremek-90\/rozsa-elixir-arckrem-294\">R\u00f3zsa elix\u00edr arckr\u00e9m<\/a><\/li>\r\n<li><a href=\"https:\/\/www.eszterkrem.hu\/arckrem-kevert-borallapotra-296\">Arckr\u00e9m kevert b\u0151r\u00e1llapotra<\/a><\/li>\r\n<\/ol>\r\n<p>A bev\u00e1lt kenc\u00e9k mellett id\u00e9n sem maradtok \u00fajdons\u00e1gok n\u00e9lk\u00fcl, figyelj\u00e9tek a Facebook-oldalt, a honlapot \u00e9s persze a blogot is!<\/p>\r\n<p>Csod\u00e1s \u00e9vkezdetet k\u00edv\u00e1nok!<\/p>","type":"rich","thumbnail_url":"https:\/\/eszterkrem.cafeblog.hu\/files\/2017\/01\/toplista-150x150.jpg","thumbnail_width":150,"thumbnail_height":150}